{"id":2044,"date":"2015-08-05T03:47:13","date_gmt":"2015-08-05T03:47:13","guid":{"rendered":"http:\/\/www.fhycs.unam.edu.ar\/portada\/?page_id=2044"},"modified":"2023-09-19T16:28:00","modified_gmt":"2023-09-19T19:28:00","slug":"profesorado-en-letras","status":"publish","type":"page","link":"https:\/\/www.fhycs.unam.edu.ar\/portada\/profesorado-en-letras\/","title":{"rendered":"Profesorado en Letras"},"content":{"rendered":"<p style=\"text-align: justify;\"><strong>La carrera de Profesorado en Letras tiene como finalidad una s\u00f3lida preparaci\u00f3n pedag\u00f3gica y disciplinar para un &#8220;eficaz desempe\u00f1o en cada uno de los Niveles del Sistema Educacional&#8221; (Ley Federal de Educaci\u00f3n 24.195, art. 19) y en las modalidades que correspondan.<\/strong><\/p>\n<h4 style=\"text-align: justify;\">Datos Generales:<\/h4>\n<ul style=\"list-style-type: square;\">\n<li style=\"text-align: justify;\"><strong>T\u00edtulo<\/strong>: Profesor\/ra en Letras.<\/li>\n<li style=\"text-align: justify;\"><strong>Nivel<\/strong>: de Grado.<\/li>\n<li style=\"text-align: justify;\"><strong>Duraci\u00f3n<\/strong>: Cinco (5) a\u00f1os.<\/li>\n<li style=\"text-align: justify;\"><strong>Resoluci\u00f3n<\/strong>: H.C.S. N\u00b0 006\/02 &#8211; M.E.C. y T. 141\/92.<\/li>\n<\/ul>\n<h3>Perfil del t\u00edtulo<\/h3>\n<p>El t\u00edtulo de Profesor en Letras acredita los conocimientos y capacidades siguientes:<\/p>\n<ul>\n<li>Planificar, conducir y evaluar procesos de aprendizaje en distintas modalidades.<\/li>\n<li>Planificar, conducir y evaluar proyectos institucionales y de investigaci\u00f3n.<\/li>\n<li>Actuar con idoneidad profesional, responsabilidad institucional, sentido cr\u00edtico y participaci\u00f3n activa en la vida social democr\u00e1tica.<\/li>\n<\/ul>\n<p>Alcance del T\u00edtulo<\/p>\n<ul>\n<li>Planificar, conducir y evaluar los procesos de ense\u00f1anza y de aprendizaje a partir del ejercicio de la docencia en el \u00c1rea de Lengua y Literatura en el Tercer Ciclo de la Ense\u00f1anza General B\u00e1sica, en el Nivel Polimodal y en los Niveles Terciario y Universitario.<\/li>\n<\/ul>\n<h3>Plan de Estudios<\/h3>\n<table>\n<tbody>\n<tr>\n<td>CICLO INTRODUCTORIO<\/td>\n<\/tr>\n<tr>\n<td>\n<ul>\n<li>Procesos Discursivos.<\/li>\n<li>Introducci\u00f3n a la Literatura.<\/li>\n<li>Introducci\u00f3n a la Ling\u00fc\u00edstica.<\/li>\n<li>Gram\u00e1tica I.<\/li>\n<li>Introducci\u00f3n al Conocimiento Cient\u00edfico.<\/li>\n<li>Literatura Grecolatina.<\/li>\n<li>Introducci\u00f3n a la Filosof\u00eda.<\/li>\n<\/ul>\n<\/td>\n<\/tr>\n<tr>\n<td>CICLO DE DESARROLLO<\/td>\n<\/tr>\n<tr>\n<td>\n<ul>\n<li>Ling\u00fc\u00edstica I.<\/li>\n<li>Literatura Espa\u00f1ola I.<\/li>\n<li>Literatura Latinoamericana I.<\/li>\n<li>Teor\u00eda y metodolog\u00eda del discurso literiario.<\/li>\n<li>Gram\u00e1tica II.<\/li>\n<li>Literatura Argentina I.<\/li>\n<li>Ling\u00fc\u00edstica II.<\/li>\n<li>Literatura Latinoamericana II.<\/li>\n<li>Literatura Espa\u00f1ola II.<\/li>\n<li>Teor\u00eda y Metodolog\u00eda de la Investigaci\u00f3n I.<\/li>\n<li>Semi\u00f3tica I.<\/li>\n<li>Literatura Argentina II.<\/li>\n<li>Literaturas Europeas.<\/li>\n<li>Est\u00e9ticas y Lenguajes Art\u00edsticos.<\/li>\n<li>Teor\u00eda y metodolog\u00eda de la Investigaci\u00f3n II.<\/li>\n<li>Semi\u00f3tica II.<\/li>\n<li>Literatura de Habla Inglesa II.<\/li>\n<\/ul>\n<\/td>\n<\/tr>\n<tr>\n<td>CICLO DE FORMACI\u00d3N DOCENTE<\/td>\n<\/tr>\n<tr>\n<td>\n<ul>\n<li>Pol\u00edtica Educativa: Organizaci\u00f3n y Din\u00e1mica.<\/li>\n<li>Instituci\u00f3n Educativa: Organizaci\u00f3n y Din\u00e1mica.<\/li>\n<li>Pr\u00e1ctica Profesional I.<\/li>\n<li>Did\u00e1ctica, Curriculum y Aprendizaje I.<\/li>\n<li>Did\u00e1ctica, Curriculum y Aprendizaje II.<\/li>\n<li>Pr\u00e1ctica Profesional II.<\/li>\n<li>Pr\u00e1ctica Profesional III.<\/li>\n<\/ul>\n<\/td>\n<\/tr>\n<tr>\n<td>REQUISITOS EXTRAPROGRAM\u00c1TICOS<\/td>\n<\/tr>\n<tr>\n<td>\n<ul>\n<li>Dos (2) idiomas en dos niveles..<\/li>\n<\/ul>\n<\/td>\n<\/tr>\n<\/tbody>\n<\/table>\n<p>&nbsp;<\/p>\n<p>Para m\u00e1s informaci\u00f3n de la carrera, pod\u00e9s comunicarte con la <a href=\"https:\/\/www.fhycs.unam.edu.ar\/portada\/index.php\/sec-extension\/\">Secretar\u00eda de Extensi\u00f3n y Vinculaci\u00f3n Tecnol\u00f3gica <\/a>en el Edificio Juan Figueredo (Col\u00f3n 2368), Planta bajaTel\u00e9fono: (0376) 4434344 Interno 133 o por correo electr\u00f3nico a extension@fhycs.unam.edu.ar<\/p>\n","protected":false},"excerpt":{"rendered":"<p>La carrera de Profesorado en Letras tiene como finalidad una s\u00f3lida preparaci\u00f3n pedag\u00f3gica y disciplinar para un &#8220;eficaz desempe\u00f1o en cada uno de los Niveles del Sistema Educacional&#8221; (Ley Federal de Educaci\u00f3n 24.195, art. 19) y en las modalidades que correspondan. Datos Generales: T\u00edtulo: Profesor\/ra en Letras. Nivel: de Grado. Duraci\u00f3n: Cinco (5) a\u00f1os. Resoluci\u00f3n: [&hellip;]<\/p>\n","protected":false},"author":10,"featured_media":0,"parent":0,"menu_order":0,"comment_status":"open","ping_status":"open","template":"","meta":{"extendify_custom_stylesheet":""},"_links":{"self":[{"href":"https:\/\/www.fhycs.unam.edu.ar\/portada\/wp-json\/wp\/v2\/pages\/2044"}],"collection":[{"href":"https:\/\/www.fhycs.unam.edu.ar\/portada\/wp-json\/wp\/v2\/pages"}],"about":[{"href":"https:\/\/www.fhycs.unam.edu.ar\/portada\/wp-json\/wp\/v2\/types\/page"}],"author":[{"embeddable":true,"href":"https:\/\/www.fhycs.unam.edu.ar\/portada\/wp-json\/wp\/v2\/users\/10"}],"replies":[{"embeddable":true,"href":"https:\/\/www.fhycs.unam.edu.ar\/portada\/wp-json\/wp\/v2\/comments?post=2044"}],"version-history":[{"count":5,"href":"https:\/\/www.fhycs.unam.edu.ar\/portada\/wp-json\/wp\/v2\/pages\/2044\/revisions"}],"predecessor-version":[{"id":2610,"href":"https:\/\/www.fhycs.unam.edu.ar\/portada\/wp-json\/wp\/v2\/pages\/2044\/revisions\/2610"}],"wp:attachment":[{"href":"https:\/\/www.fhycs.unam.edu.ar\/portada\/wp-json\/wp\/v2\/media?parent=2044"}],"curies":[{"name":"wp","href":"https:\/\/api.w.org\/{rel}","templated":true}]}}