{"id":25572,"date":"2019-05-03T16:16:02","date_gmt":"2019-05-03T19:16:02","guid":{"rendered":"http:\/\/www.fhycs.unam.edu.ar\/portada\/?page_id=25572"},"modified":"2019-07-01T13:50:42","modified_gmt":"2019-07-01T16:50:42","slug":"programa-de-postitulos-docentes-en-atencion-educacion-e-intervencion-temprana-del-desarrollo-infantil","status":"publish","type":"page","link":"https:\/\/www.fhycs.unam.edu.ar\/portada\/programa-de-postitulos-docentes-en-atencion-educacion-e-intervencion-temprana-del-desarrollo-infantil\/","title":{"rendered":"Programa de Post\u00edtulo Docente en atenci\u00f3n, educaci\u00f3n e intervenci\u00f3n temprana del desarrollo infantil"},"content":{"rendered":"<table style=\"width: 107.888%; height: 456px;\">\n<tbody>\n<tr style=\"height: 79px;\">\n<td style=\"width: 19.2276%; height: 79px;\"><strong>Tipo de Post\u00edtulo<\/strong><\/td>\n<td style=\"width: 34.3072%; height: 79px;\">Diplomatura Superior Docente<\/td>\n<td style=\"height: 79px; width: 114.623%;\" rowspan=\"7\"><img loading=\"lazy\" class=\"alignnone wp-image-26493\" src=\"https:\/\/www.fhycs.unam.edu.ar\/portada\/wp-content\/uploads\/2019\/07\/DESTACADA_POS-1-212x300.png\" alt=\"\" width=\"480\" height=\"679\" srcset=\"https:\/\/www.fhycs.unam.edu.ar\/portada\/wp-content\/uploads\/2019\/07\/DESTACADA_POS-1-212x300.png 212w, https:\/\/www.fhycs.unam.edu.ar\/portada\/wp-content\/uploads\/2019\/07\/DESTACADA_POS-1.png 595w\" sizes=\"(max-width: 480px) 100vw, 480px\" \/><\/td>\n<\/tr>\n<tr style=\"height: 71px;\">\n<td style=\"width: 19.2276%; height: 71px;\"><strong>Certificado que otorga<\/strong><\/td>\n<td style=\"width: 34.3072%; height: 71px;\">Diplomatura Superior 600 Hs. Reloj<br \/>\nEspecializaci\u00f3n Superior 400 Hs. Reloj<br \/>\nActualizaci\u00f3n Acad\u00e9mica 200 hs. Reloj<\/td>\n<\/tr>\n<tr style=\"height: 54px;\">\n<td style=\"width: 19.2276%; height: 54px;\"><strong>Coordinador Responsable<\/strong><\/td>\n<td style=\"width: 34.3072%; height: 54px; text-align: justify;\" width=\"216\">Directora Prof. Lucia Schleich<\/td>\n<\/tr>\n<tr style=\"height: 63px;\">\n<td style=\"width: 19.2276%; height: 63px; text-align: justify;\"><strong>Requisitos de Admisi\u00f3n<\/strong><\/td>\n<td style=\"width: 34.3072%; height: 63px; text-align: justify;\">Poseer t\u00edtulo de grado: profesional, universitario y\/o terciario habilitado para ejercer en el campo de la educaci\u00f3n<\/td>\n<\/tr>\n<tr style=\"height: 76px;\">\n<td style=\"width: 19.2276%; height: 76px;\"><strong>Carga horaria total<\/strong><\/td>\n<td style=\"width: 34.3072%; height: 76px;\">\n<p style=\"text-align: justify;\">600 hs. reloj<\/p>\n<p style=\"text-align: justify;\">Modalidad de dictado:<\/p>\n<p style=\"text-align: justify;\">semi presencial con trabajos domiciliarios independientes con 1 \u00f3 2 encuentros mensuales presenciales.<\/p>\n<p style=\"text-align: justify;\">Se propondr\u00e1n adem\u00e1s a los cursantes seminarios con especialistas durante la cursada<\/p>\n<\/td>\n<\/tr>\n<tr style=\"height: 63px;\">\n<td style=\"width: 19.2276%; height: 63px;\"><strong>Destinado<\/strong><\/td>\n<td style=\"width: 34.3072%; height: 63px; text-align: justify;\"><span lang=\"ES-AR\">Profesores en Educaci\u00f3n Especial, Psicopedagogos, Profesores de nivel inicial y otros docentes que se desempe\u00f1en en actividades relacionadas con la educaci\u00f3n e intervenci\u00f3n temprana<\/span><\/td>\n<\/tr>\n<tr style=\"height: 50px;\">\n<td style=\"width: 19.2276%; height: 50px;\"><b>Valor<\/b><\/td>\n<td style=\"width: 34.3072%; height: 50px;\">\u00a0Matriculaci\u00f3n: $ 400Cuotas ,por m\u00f3dulos \u00a0$100<\/td>\n<\/tr>\n<\/tbody>\n<\/table>\n<p style=\"text-align: justify;\"><strong>Fundamentaci\u00f3n<\/strong><\/p>\n<p style=\"text-align: justify;\">El programa tiene por finalidad brindar actualizaci\u00f3n y capacitaci\u00f3n en atenci\u00f3n, intervenci\u00f3n y educaci\u00f3n temprana a profesionales de la salud y la educaci\u00f3n, tendiendo a facilitar los nuevos saberes y competencias que les permitan enfrentar nuevos emergentes derivados de familias que tienen beb\u00e9s y ni\u00f1os peque\u00f1os de O a 5 a\u00f1os de edad que se encuentren en situaci\u00f3n de riesgo o con patolog\u00eda en el desarrollo.<\/p>\n<p style=\"text-align: justify;\">Esta capacitaci\u00f3n est\u00e1 destinada a profesionales de la educaci\u00f3n que presten servicios en el campo de la primera infancia (0-5 a\u00f1os), para que de este modo puedan reconstruir aspectos de su propia pr\u00e1ctica, mediante el conocimiento y apropiaci\u00f3n de nuevos paradigmas para posicionarse frente a nuevos modos de abordar la atenci\u00f3n en primera infancia.<\/p>\n<p style=\"text-align: justify;\"><strong>Objetivos generales<\/strong><\/p>\n<ul>\n<li style=\"text-align: justify;\">Brindar a los cursantes de la Diplomatura Superior la actualizaci\u00f3n y especializaci\u00f3n dentro del campo disciplinar o de problem\u00e1ticas propias de la educaci\u00f3n y la salud.<\/li>\n<li style=\"text-align: justify;\">Posibilitar a los cursantes nuevos conocimientos y competencias que permitan fortalecer la capacidad del profesional en su pr\u00e1ctica y profundizaci\u00f3n de la formaci\u00f3n en investigaci\u00f3n.<\/li>\n<li style=\"text-align: justify;\">Brindar a profesionales del \u00e1rea de educaci\u00f3n, salud y desarrollo social, un espacio de formaci\u00f3n y reflexi\u00f3n sobre las intervenciones tempranas en beb\u00e9s y ni\u00f1os con trastornos en el desarrollo, d\u00e9ficits y con indicadores de riesgo.<\/li>\n<\/ul>\n<p style=\"text-align: justify;\"><strong>Objetivos espec\u00edficos<\/strong><\/p>\n<ul>\n<li style=\"text-align: justify;\">Asumir su rol de gu\u00eda y orientador del proceso de desarrollo de beb\u00e9s y ni\u00f1os.<\/li>\n<li style=\"text-align: justify;\">Explicar los aspectos biol\u00f3gicos, psicol\u00f3gicos, sociales, afectivos, culturales, \u00e9ticos y legales, involucrados en la constituci\u00f3n subjetiva.<\/li>\n<li style=\"text-align: justify;\">\u00a0Analizar las diversas problem\u00e1ticas que pueden desencadenarse en contextos desfavorables.<\/li>\n<li style=\"text-align: justify;\">Aplicar metodolog\u00edas participativas y motivadoras, que ayuden a los participantes a analizar las posibles problem\u00e1ticas qu\u00e9 se pueden presentar en el crecimiento, desarrollo y maduraci\u00f3n del ni\u00f1o.<\/li>\n<li style=\"text-align: justify;\">Organizar y\/o participar en actividades a nivel comunitario o de pares, en lo referente a la atenci\u00f3n temprana del desarrollo infantil.<\/li>\n<\/ul>\n<blockquote>\n<blockquote>\n<h4><span style=\"color: #008080;\"><strong>INFORMES E INSCRIPCIONES: <\/strong><\/span><\/h4>\n<p>Correo: <strong>dirpostitulosfhycs@gmail.com<\/strong><\/p>\n<p>Secretar\u00eda de Extensi\u00f3n y Vinculaci\u00f3n Tecnol\u00f3gica de la FHyCS.<br \/>\nCalle Col\u00f3n 2368 \u00a0&#8211;\u00a0Tel: 054-376-4434344 Interno: 138<\/p>\n<table style=\"width: 807px; height: 83px;\">\n<tbody>\n<tr style=\"height: 80px;\">\n<td style=\"width: 797.540771484375px; text-align: center; height: 80px;\">\n<h3 style=\"text-align: left;\"><strong><span style=\"color: #008080;\">\u00a0 \u00a0 \u00a0 \u00a0 \u00a0 \u00a0 \u00a0 \u00a0 \u00a0 \u00a0 \u00a0 \u00a0 \u00a0 \u00a0 \u00a0 \u00a0 \u00a0 \u00a0 \u00a0 \u00a0 \u00a0 \u00a0 \u00a0 \u00a0 \u00a0 \u00a0 \u00a0 \u00a0 \u00a0 \u00a0 \u00a0 \u00a0 <a href=\"https:\/\/docs.google.com\/forms\/d\/e\/1FAIpQLSfz_lpEiyDz9Nh-dWnmd4xjt4LblxuCP2Uc1Gw8CoGZoCsw9g\/viewform?usp=sf_link\" target=\"_blank\" rel=\"noopener noreferrer\">Pre inscripci\u00f3n<\/a><\/span><\/strong><\/h3>\n<\/td>\n<\/tr>\n<\/tbody>\n<\/table>\n<\/blockquote>\n<h5 style=\"text-align: center;\"><span style=\"color: #333333;\"><strong>Para poder hacer la inscripci\u00f3n deben descargar los siguientes formularios<\/strong><\/span><\/h5>\n<table style=\"height: 23px;\" width=\"816\">\n<tbody>\n<tr>\n<td style=\"width: 806.7999877929688px;\">\n<h3 style=\"text-align: center;\"><a href=\"https:\/\/www.fhycs.unam.edu.ar\/portada\/wp-content\/uploads\/2019\/05\/formulario-sur.pdf\" target=\"_blank\" rel=\"noopener noreferrer\"><span style=\"color: #008080;\">Descargar formulario Sur<\/span><\/a><\/h3>\n<\/td>\n<\/tr>\n<\/tbody>\n<\/table>\n<table style=\"height: 54px;\" width=\"814\">\n<tbody>\n<tr style=\"height: 54px;\">\n<td style=\"width: 804.7999877929688px; height: 54px; text-align: justify;\">\n<h3 style=\"text-align: center;\"><a href=\"https:\/\/www.fhycs.unam.edu.ar\/portada\/wp-content\/uploads\/2019\/05\/constancia-postitulo.pdf\" target=\"_blank\" rel=\"noopener noreferrer\"><span style=\"color: #008080;\">Descargar constancia de inscripci\u00f3n<\/span><\/a><\/h3>\n<\/td>\n<\/tr>\n<\/tbody>\n<\/table>\n<p>&nbsp;<\/p><\/blockquote>\n","protected":false},"excerpt":{"rendered":"<p>Tipo de Post\u00edtulo Diplomatura Superior Docente Certificado que otorga Diplomatura Superior 600 Hs. Reloj Especializaci\u00f3n Superior 400 Hs. Reloj Actualizaci\u00f3n Acad\u00e9mica 200 hs. Reloj Coordinador Responsable Directora Prof. Lucia Schleich Requisitos de Admisi\u00f3n Poseer t\u00edtulo de grado: profesional, universitario y\/o terciario habilitado para ejercer en el campo de la educaci\u00f3n Carga horaria total 600 hs. [&hellip;]<\/p>\n","protected":false},"author":25,"featured_media":0,"parent":0,"menu_order":0,"comment_status":"closed","ping_status":"closed","template":"","meta":{"extendify_custom_stylesheet":""},"_links":{"self":[{"href":"https:\/\/www.fhycs.unam.edu.ar\/portada\/wp-json\/wp\/v2\/pages\/25572"}],"collection":[{"href":"https:\/\/www.fhycs.unam.edu.ar\/portada\/wp-json\/wp\/v2\/pages"}],"about":[{"href":"https:\/\/www.fhycs.unam.edu.ar\/portada\/wp-json\/wp\/v2\/types\/page"}],"author":[{"embeddable":true,"href":"https:\/\/www.fhycs.unam.edu.ar\/portada\/wp-json\/wp\/v2\/users\/25"}],"replies":[{"embeddable":true,"href":"https:\/\/www.fhycs.unam.edu.ar\/portada\/wp-json\/wp\/v2\/comments?post=25572"}],"version-history":[{"count":19,"href":"https:\/\/www.fhycs.unam.edu.ar\/portada\/wp-json\/wp\/v2\/pages\/25572\/revisions"}],"predecessor-version":[{"id":26492,"href":"https:\/\/www.fhycs.unam.edu.ar\/portada\/wp-json\/wp\/v2\/pages\/25572\/revisions\/26492"}],"wp:attachment":[{"href":"https:\/\/www.fhycs.unam.edu.ar\/portada\/wp-json\/wp\/v2\/media?parent=25572"}],"curies":[{"name":"wp","href":"https:\/\/api.w.org\/{rel}","templated":true}]}}