{"id":4479,"date":"2016-01-17T21:12:50","date_gmt":"2016-01-17T21:12:50","guid":{"rendered":"http:\/\/www.fhycs.unam.edu.ar\/portada\/?page_id=4479"},"modified":"2016-09-15T11:56:43","modified_gmt":"2016-09-15T14:56:43","slug":"calendario-academico-2016","status":"publish","type":"page","link":"https:\/\/www.fhycs.unam.edu.ar\/portada\/calendario-academico-2016\/","title":{"rendered":"Calendario acad\u00e9mico 2016"},"content":{"rendered":"<h3>Clases<\/h3>\n<p><strong>Inscripci\u00f3n a Materias Anuales y del Primer Cuatrimestre: <\/strong>07\/03\/2016 al 23\/03\/2016.<br \/>\n<strong>Asignaci\u00f3n de Aulas y Horarios:<\/strong> 28\/03 al 01\/04\/2016.<br \/>\n<strong>Dictado de Clases del Primer Cuatrimestre: <\/strong>04\/04\/2016 al 08\/07\/2016.<br \/>\n<strong>Inscripci\u00f3n a Materias del Segundo Cuatrimestre:<\/strong> 29\/07\/2016 al 16\/08\/2016.<br \/>\n<strong>Asignaci\u00f3n de Aulas y Horarios:<\/strong> 16\/08\/16 al 19\/08\/2016.<br \/>\n<strong>Dictado de Clases del Segundo Cuatrimestre:<\/strong> 22\/08\/2016 al 25\/11\/2016.<\/p>\n<p>Vacaciones de Verano: 26\/12\/2015 al 29\/01\/2016<\/p>\n<p>Vacaciones de Invierno: 11\/07\/2016 al 22\/07\/2016<\/p>\n<p>&nbsp;<\/p>\n<h3>Tr\u00e1mites Acad\u00e9micos:<\/h3>\n<h4>1er Cuatrimestre:<\/h4>\n<h6>Alumnos:<\/h6>\n<p><strong>Solicitud de Reincorporaciones<\/strong> (Ord. 010\/03): Desde el 10 de Febrero al 18 de Marzo 2016.<br \/>\n<strong>Solicitud de Reconocimientos, Equivalencias y Cambio de Plan de Estudio:<\/strong> Desde el 10 de Febrero al 18 de Marzo de 2016.<br \/>\n<strong>Solicitud de Reconocimientos para ingresantes:<\/strong> Desde el 25 de Abril al 29 de Abril 2016.<br \/>\n<strong>Pedido de Libretas:<\/strong> Desde el 2 Mayo al 4 Noviembre de 2016.<\/p>\n<h6>Profesores:<\/h6>\n<p><strong>Presentaci\u00f3n Programas Bienio 2016-2017:<\/strong> Desde el 15 de Febrero hasta el 25 de abril de 2016.<br \/>\n<strong>Adscripciones:<\/strong> Desde 21 de Marzo\/16, Hasta el 4 de Abril de 2016.<br \/>\n<strong>Habilitaci\u00f3n de Comisiones para el Cursado:<\/strong> Desde el 15 al 26 de Febrero de 2016.<br \/>\n<strong>Presentaci\u00f3n de Actas de Regularidad y\/o Promoci\u00f3n de Alumnos:<\/strong> Hasta el 29 de Julio de 2016.<\/p>\n<h4>2do. Cuatrimestre:<\/h4>\n<h6>Alumnos:<\/h6>\n<p><strong>Solicitud de Reincorporaciones<\/strong> (Ord. 010\/03): Desde el 25 Julio al 12 de Agosto de 2016.<br \/>\n<strong>Solicitud de Reconocimientos, Equivalencias y Cambio de Plan de Estudio:<\/strong> Desde el 25 Julio al 12 de Agosto de 2016.<\/p>\n<h6>Profesores:<\/h6>\n<p><strong>Adscripciones:<\/strong> Desde el 25 de Julio hasta el 22 de agosto de 2016.<br \/>\n<strong>Habilitaci\u00f3n de Comisiones para el Cursado:<\/strong> Desde el 25 de Julio hasta el 29 de Julio de 2016.<br \/>\n<strong>Presentaci\u00f3n de Actas de Regularidad y\/o Promoci\u00f3n de Alumnos:<\/strong> Hasta el 7 de diciembre de 2016.<\/p>\n<h3>Mesas de ex\u00e1men:<\/h3>\n<p>&nbsp;<\/p>\n<table>\n<tbody>\n<tr>\n<td>Turno<\/td>\n<td colspan=\"2\">Inscripci\u00f3n<\/td>\n<td colspan=\"2\">Mesa Examinadora<\/td>\n<\/tr>\n<tr>\n<td>N\u00b0<\/td>\n<td>Desde<\/td>\n<td>Hasta<\/td>\n<td>Desde<\/td>\n<td>Hasta<\/td>\n<\/tr>\n<tr>\n<td>1<\/td>\n<td>10 de Febrero<\/td>\n<td>*<\/td>\n<td>22 de Febrero<\/td>\n<td>2 de Marzo<\/td>\n<\/tr>\n<tr>\n<td>2<\/td>\n<td>22 de Febrero<\/td>\n<td>*<\/td>\n<td>3 de Marzo<\/td>\n<td>14 de Marzo<\/td>\n<\/tr>\n<tr>\n<td>3<\/td>\n<td>2 de Mayo<\/td>\n<td>6 de Mayo<\/td>\n<td>16 de Mayo<\/td>\n<td>20 de Mayo<\/td>\n<\/tr>\n<tr>\n<td>4<\/td>\n<td>27 de Junio<\/td>\n<td>*<\/td>\n<td>25 de Julio<\/td>\n<td>3 de Agosto<\/td>\n<\/tr>\n<tr>\n<td>5<\/td>\n<td>1 de Julio<\/td>\n<td>*<\/td>\n<td>4 de Agosto<\/td>\n<td>16 de Agosto<\/td>\n<\/tr>\n<tr>\n<td>6<\/td>\n<td>19 de Septiembre<\/td>\n<td>23 de Septiembre<\/td>\n<td>3 de Octubre<\/td>\n<td>7 de Octubre<\/td>\n<\/tr>\n<tr>\n<td>7<\/td>\n<td>21 de Noviembre<\/td>\n<td>*<\/td>\n<td>29 de Noviembre<\/td>\n<td>12 de Diciembre<\/td>\n<\/tr>\n<tr>\n<td>8<\/td>\n<td>5 de Diciembre<\/td>\n<td>*<\/td>\n<td>13 de Diciembre<\/td>\n<td>22 de Diciembre<\/td>\n<\/tr>\n<\/tbody>\n<\/table>\n<blockquote><p>* Los Turnos Nos. 1, 2, 4, 5, 7 y 8: Se inscriben hasta 48 horas h\u00e1biles antes de la fecha de examen.<br \/>\n* Los Turnos Especiales No. 3 de Mayo y N\u00b0 6 de Septiembre: Se inscriben exclusivamente en la fecha indicada y se crean mesas \u00fanicamente para las Materias que posee alumnos inscriptos.<\/p><\/blockquote>\n<p>&nbsp;<\/p>\n<h3>Feriados y Asuetos<\/h3>\n<p>Enero:<br \/>\n1\u00ba de Enero: A\u00f1o Nuevo.<\/p>\n<p>Febrero:<\/p>\n<p>8 y 9 de Febrero: Carnaval.<\/p>\n<p>Marzo:<\/p>\n<p>8 de Marzo: D\u00eda de la Mujer.<br \/>\n19 de Marzo: Santo Patrono de la Ciudad de Posadas. Asueto Acad\u00e9mico y Administrativo para las Unidades Acad\u00e9micas de Posadas.<br \/>\n24 de Marzo: D\u00eda Nacional de la Memoria por la Verdad y la Justicia.<br \/>\n25 de Marzo: Viernes Santo.<\/p>\n<p>Abril:<\/p>\n<p>2 de Abril: D\u00eda del veterano de Malvinas.<br \/>\n16 de Abril: Aniversario de la Universidad. Asueto acad\u00e9mico y administrativo en todo el \u00e1mbito de la UNaM.<\/p>\n<p>Mayo:<\/p>\n<p>1\u00ba de Mayo: D\u00eda del Trabajador.<br \/>\n25 de Mayo: Primer Gobierno Patrio.<\/p>\n<p>Junio:<\/p>\n<p>20 de Junio: Paso a la Inmortalidad del General Manuel Belgrano.<\/p>\n<p>Julio:<\/p>\n<p>9 de Julio: D\u00eda de la Independencia.<\/p>\n<p>Agosto:<\/p>\n<p>17 de Agosto: Paso a la inmortalidad del General San Mart\u00edn.<\/p>\n<p>Septiembre:<\/p>\n<p>17 de Septiembre: D\u00eda del Profesor. Asueto acad\u00e9mico en todo el \u00e1mbito de la UNaM.<br \/>\n21 de Septiembre: D\u00eda del estudiante. Asueto Estudiantil en todo el \u00e1mbito de la UNaM.<br \/>\nJuegos Interfacultades: Fechas a confirmar.<\/p>\n<p>Octubre:<\/p>\n<p>12 de Octubre: D\u00eda del respeto a la Diversidad Cultural.<\/p>\n<p>Noviembre:<\/p>\n<p>23 de Noviembre: D\u00eda de la Soberan\u00eda Nacional.<br \/>\n26 de Noviembre: D\u00eda del Trabajador No Docente. Asueto Administrativo en todo el \u00e1mbito de la UNaM.<\/p>\n<p>Diciembre:<\/p>\n<p>8 de Diciembre: Inmaculada Concepci\u00f3n de Mar\u00eda.<br \/>\n9 de Diciembre: Feriado puente tur\u00edstico.<br \/>\n25 de Diciembre: Navidad.<\/p>\n<p>Ingresantes a Primer A\u00f1o<\/p>\n<p>Para cursar una carrera en la Facultad de Humanidades y Ciencias Sociales, el tr\u00e1mite tiene 2 etapas:<\/p>\n<p><strong>Primera etapa<\/strong>: La inscripci\u00f3n es <strong>On-Line<\/strong> debiendo ingresar al link\u00a0<a href=\"http:\/\/inscripcion2016.fhycs.unam.edu.ar\/inscripcion\/\" target=\"_blank\">inscripcion2016.fhycs.unam.edu.ar<\/a>\u00a0y registrar todos los datos requeridos.\u00a0Desde el 11\/11 al 28\/12\/2015 y del 1 al 14 de Febrero de 2016.<\/p>\n<p>Segunda etapa: Presentaci\u00f3n de Documentaci\u00f3n.<\/p>\n<p>Desde el 15\/02\/2016 al 04\/03\/2016.<\/p>\n<p>De 9:00 a 12:30 y de 16:30 a 20:00 horas. En la sede de Calle Tucum\u00e1n 1946. Planta baja. Direcci\u00f3n General de Ense\u00f1anza y Acci\u00f3n Estudiantil (Alumnado).<\/p>\n<p>La presentaci\u00f3n de la documentaci\u00f3n se realizar\u00e1 en el d\u00eda y el horario que elegiste al momento de registrar tu inscripci\u00f3n On-Line.<\/p>\n<p><strong>Requisitos de Inscripci\u00f3n:<\/strong><\/p>\n<ul>\n<li>Formulario impreso de inscripci\u00f3n On-Line.<\/li>\n<li>Constancia de finalizaci\u00f3n del polimodal y\/o secundaria sin adeudar materias-. o<\/li>\n<li>T\u00edtulo Secundario (Original y Copia autenticada por el Colegio, Juzgado de Paz, Escribano o Autoridad Policial.)<\/li>\n<li>Fotocopia Partida de Nacimiento y DNI 1 y 2 hoja o anverso y reverso del nuevo DNI.<\/li>\n<li>Dos fotos 3&#215;3 y N\u00ba de Cuil.<\/li>\n<\/ul>\n<p><strong>Actividades de Integraci\u00f3n a la Vida Universitaria:<\/strong><\/p>\n<p>Desde el 07 de marzo al 01 de abril de 2016.<\/p>\n<p><strong>Inicio de clases:<\/strong> 04 de abril de 2016.<\/p>\n<h4>Mayores de 25 a\u00f1os: (Sin t\u00edtulo universitario y\/o Polimodal)<\/h4>\n<p>Art\u00edculo 7 de la Ley 24.521. <strong>Solicitud de Admisi\u00f3n se realiza en DGE y AE. (Alumnado)<\/strong> <strong>de 9 a 12 hs<\/strong>. Desde: 16\/11 al 19\/12\/2015 y 10\/02\/2016.<\/p>\n<p>Requisitos de inscripci\u00f3n:<\/p>\n<ul>\n<li>T\u00edtulo (Original y Copia) Escuela primaria o constancia de finalizaci\u00f3n EGB3.<\/li>\n<li>Fotocopia Partida de Nacimiento y DNI 1 y 2 hoja.<\/li>\n<li>Dos fotos 3&#215;3 y N\u00ba de Cuil.<\/li>\n<\/ul>\n<p><strong>Reuni\u00f3n informativa:<\/strong> 16\/02\/2016-16 horas aula 1- Piso 1 Sede calle Tucum\u00e1n.<\/p>\n<p><strong>Prueba de admisi\u00f3n y aptitudes en conocimientos:<\/strong> 25\/02\/2016 &#8211; 16 horas &#8211; Aula 1 &#8211; Piso 1 &#8211; Calle Tucum\u00e1n.<\/p>\n<p><strong>Inscripci\u00f3n definitiva:<\/strong> 01 al 04 de Marzo de 2016.<\/p>\n<p><strong>Actividades de Integraci\u00f3n a la Vida Universitaria:<\/strong><\/p>\n<p>Desde el 07 de marzo al 01 de abril de 2016.<\/p>\n<p><strong>Inicio de clases:<\/strong> 04 de abril de 2016.<\/p>\n<p style=\"text-align: center;\"><em><strong>Los alumnos que adeuden asignaturas del secundario y\/o polimodal podr\u00e1n realizar su preinscripci\u00f3n on line desde el 01 de Noviembre al 28 de Diciembre de 2015 y desde el 01 de Febrero al 15 de Febrero de 2016.\u00a0<\/strong><\/em><\/p>\n<p>&nbsp;<\/p>\n<blockquote>\n<p style=\"text-align: center;\">Para m\u00e1s informaci\u00f3n consultar en\u00a0<strong>Direcci\u00f3n General de Ense\u00f1anza y Acci\u00f3n Estudiantil<\/strong> (Alumnado)\u00a0En la sede de Calle Tucum\u00e1n 1946. Planta baja.<\/p>\n<\/blockquote>\n","protected":false},"excerpt":{"rendered":"<p>Clases Inscripci\u00f3n a Materias Anuales y del Primer Cuatrimestre: 07\/03\/2016 al 23\/03\/2016. Asignaci\u00f3n de Aulas y Horarios: 28\/03 al 01\/04\/2016. Dictado de Clases del Primer Cuatrimestre: 04\/04\/2016 al 08\/07\/2016. Inscripci\u00f3n a Materias del Segundo Cuatrimestre: 29\/07\/2016 al 16\/08\/2016. Asignaci\u00f3n de Aulas y Horarios: 16\/08\/16 al 19\/08\/2016. Dictado de Clases del Segundo Cuatrimestre: 22\/08\/2016 al 25\/11\/2016. [&hellip;]<\/p>\n","protected":false},"author":1,"featured_media":0,"parent":0,"menu_order":0,"comment_status":"closed","ping_status":"closed","template":"","meta":{"extendify_custom_stylesheet":""},"_links":{"self":[{"href":"https:\/\/www.fhycs.unam.edu.ar\/portada\/wp-json\/wp\/v2\/pages\/4479"}],"collection":[{"href":"https:\/\/www.fhycs.unam.edu.ar\/portada\/wp-json\/wp\/v2\/pages"}],"about":[{"href":"https:\/\/www.fhycs.unam.edu.ar\/portada\/wp-json\/wp\/v2\/types\/page"}],"author":[{"embeddable":true,"href":"https:\/\/www.fhycs.unam.edu.ar\/portada\/wp-json\/wp\/v2\/users\/1"}],"replies":[{"embeddable":true,"href":"https:\/\/www.fhycs.unam.edu.ar\/portada\/wp-json\/wp\/v2\/comments?post=4479"}],"version-history":[{"count":8,"href":"https:\/\/www.fhycs.unam.edu.ar\/portada\/wp-json\/wp\/v2\/pages\/4479\/revisions"}],"predecessor-version":[{"id":9005,"href":"https:\/\/www.fhycs.unam.edu.ar\/portada\/wp-json\/wp\/v2\/pages\/4479\/revisions\/9005"}],"wp:attachment":[{"href":"https:\/\/www.fhycs.unam.edu.ar\/portada\/wp-json\/wp\/v2\/media?parent=4479"}],"curies":[{"name":"wp","href":"https:\/\/api.w.org\/{rel}","templated":true}]}}