{"id":4512,"date":"2016-02-19T11:55:29","date_gmt":"2016-02-19T14:55:29","guid":{"rendered":"http:\/\/www.fhycs.unam.edu.ar\/portada\/?page_id=4512"},"modified":"2025-10-07T15:06:12","modified_gmt":"2025-10-07T18:06:12","slug":"cronograma-de-investigacion-y-posgrado-2020","status":"publish","type":"page","link":"https:\/\/www.fhycs.unam.edu.ar\/portada\/cronograma-de-investigacion-y-posgrado-2020\/","title":{"rendered":"Cronograma de Investigaci\u00f3n 2025"},"content":{"rendered":"<h3 style=\"text-align: center;\"><span style=\"color: #339966;\"><strong>CRONOGRAMA DE INVESTIGACI\u00d3N 2025 FHYCS-UNAM<\/strong><\/span><\/h3>\n<div style=\"text-align: justify;\">\n<table>\n<tbody>\n<tr>\n<td width=\"196\"><span style=\"color: #33cccc;\"><strong>ACTIVIDAD<\/strong><\/span><\/td>\n<td width=\"196\"><span style=\"color: #33cccc;\"><strong>RESPONSABLES<\/strong><\/span><\/td>\n<td width=\"196\"><span style=\"color: #33cccc;\"><strong>FECHAS PREVISTAS<\/strong><\/span><\/td>\n<\/tr>\n<tr>\n<td width=\"196\"><strong>Presentaci\u00f3n de NUEVOS Proyectos y Trabajos de Investigaci\u00f3n 2026<\/strong><\/p>\n<p><strong> Convocatoria UNaM<\/strong><\/p>\n<p>(Carga on-line v\u00eda SASPI)<\/td>\n<td style=\"text-align: left;\" width=\"196\">Directores de Proyectos\/Trabajos<\/p>\n<p>&nbsp;<\/td>\n<td width=\"196\"><strong>Modalidad General<\/strong><\/p>\n<p><strong>Modalidad Temas estrat\u00e9gicos<\/strong><\/p>\n<p>Desde el <strong>5 de Mayo<\/strong> hasta <strong>13 de Octubre de 2025<\/strong><\/p>\n<p>&nbsp;<\/td>\n<\/tr>\n<tr>\n<td width=\"196\"><strong>Presentaci\u00f3n de NUEVOS Proyectos y Trabajos de Investigaci\u00f3n 2026<\/strong><\/p>\n<p><strong> Convocatoria FHyCS<\/strong><\/p>\n<p>(Carga on-line v\u00eda SASPI)<\/td>\n<td style=\"text-align: left;\" width=\"196\">Directores de Proyectos\/Trabajos<\/td>\n<td width=\"196\"><strong>Modalidad General<\/strong><\/p>\n<p><strong>Modalidad Temas estrat\u00e9gicos<\/strong><\/p>\n<p>Desde el <strong>23 de Septiembre <\/strong>hasta <strong>23 de Octubre de 2025<\/strong><\/td>\n<\/tr>\n<tr>\n<td width=\"196\"><strong>Presentaci\u00f3n<\/strong><\/p>\n<p><strong>Informes Avances\u00a0 y Finales 2024<\/strong><\/p>\n<p>(Carga on-line v\u00eda SASPI)<\/p>\n<p>&nbsp;<\/td>\n<td style=\"text-align: left;\" width=\"196\">Directores de Proyectos\/Trabajos<\/td>\n<td width=\"196\">Desde <strong>el 5 de Mayo <\/strong>hasta <strong>el 31 de Diciembre de 2025<\/strong><\/td>\n<\/tr>\n<tr>\n<td width=\"196\"><strong>Carga de Autoarchivo (Indicadores 2024) SASPI<\/strong><\/td>\n<td style=\"text-align: left;\" width=\"196\">Investigadores de todas las categor\u00edas<\/td>\n<td width=\"196\"><strong>Hasta el 31 de Diciembre de 2025<\/strong><\/td>\n<\/tr>\n<tr>\n<td width=\"196\"><strong>Altas y bajas de investigadores\u00a0<\/strong><\/p>\n<p>(Solicitud a trav\u00e9s del SASPI)<\/td>\n<td style=\"text-align: left;\" width=\"196\">Directores de Proyectos\/Trabajos<\/td>\n<td width=\"196\"><strong>Todo el a\u00f1o <\/strong><\/p>\n<p>(tratadas mensualmente)<\/td>\n<\/tr>\n<tr>\n<td width=\"196\"><strong>Laboratorios y Programas de Investigaci\u00f3n<\/strong><\/p>\n<p>Presentaci\u00f3n de nuevas propuestas y\/o memorias a trav\u00e9s del SASPI<\/td>\n<td style=\"text-align: left;\" width=\"196\">Directores de Laboratorios Programas<\/td>\n<td width=\"196\"><strong>Todo el a\u00f1o<\/strong><\/td>\n<\/tr>\n<tr>\n<td width=\"196\"><b>Proyectos con Financiamiento Externo\u00a0<\/b><\/p>\n<p>Presentaci\u00f3n de nuevas propuestas a trav\u00e9s del SASPI<\/p>\n<p>&nbsp;<\/td>\n<td style=\"text-align: left;\" width=\"196\">Docentes e Investigadores<\/td>\n<td width=\"196\"><strong>Todo el a\u00f1o<\/strong><\/td>\n<\/tr>\n<tr>\n<td width=\"196\">&nbsp;<\/p>\n<p><strong>Carga y Actualizaci\u00f3n del CVar\u00a0<\/strong><\/td>\n<td style=\"text-align: left;\" width=\"196\">Investigadores de todas las categor\u00edas<\/td>\n<td width=\"196\"><strong>Todo el a\u00f1o\u00a0<\/strong><\/td>\n<\/tr>\n<tr>\n<td width=\"196\"><strong>Presentaci\u00f3n de Informes\u00a0<\/strong><strong>Becas EICyT \u2013 UNaM per\u00edodo 2024<\/strong><\/td>\n<td style=\"text-align: left;\" width=\"196\">Alumnos de Grado<\/td>\n<td width=\"196\">Desde el <strong>28 de Julio<\/strong> hasta el <strong>30 de Octubre de 2025<\/strong><\/td>\n<\/tr>\n<tr>\n<td width=\"196\"><\/td>\n<td style=\"text-align: left;\" width=\"196\"><\/td>\n<td width=\"196\"><\/td>\n<\/tr>\n<tr>\n<td width=\"196\"><\/td>\n<td style=\"text-align: left;\" width=\"196\"><\/td>\n<td width=\"196\"><\/td>\n<\/tr>\n<\/tbody>\n<\/table>\n<\/div>\n","protected":false},"excerpt":{"rendered":"<p>CRONOGRAMA DE INVESTIGACI\u00d3N 2025 FHYCS-UNAM ACTIVIDAD RESPONSABLES FECHAS PREVISTAS Presentaci\u00f3n de NUEVOS Proyectos y Trabajos de Investigaci\u00f3n 2026 Convocatoria UNaM (Carga on-line v\u00eda SASPI) Directores de Proyectos\/Trabajos &nbsp; Modalidad General Modalidad Temas estrat\u00e9gicos Desde el 5 de Mayo hasta 13 de Octubre de 2025 &nbsp; Presentaci\u00f3n de NUEVOS Proyectos y Trabajos de Investigaci\u00f3n 2026 Convocatoria [&hellip;]<\/p>\n","protected":false},"author":6,"featured_media":0,"parent":0,"menu_order":0,"comment_status":"closed","ping_status":"closed","template":"secretaria_investigacion.php","meta":{"extendify_custom_stylesheet":""},"_links":{"self":[{"href":"https:\/\/www.fhycs.unam.edu.ar\/portada\/wp-json\/wp\/v2\/pages\/4512"}],"collection":[{"href":"https:\/\/www.fhycs.unam.edu.ar\/portada\/wp-json\/wp\/v2\/pages"}],"about":[{"href":"https:\/\/www.fhycs.unam.edu.ar\/portada\/wp-json\/wp\/v2\/types\/page"}],"author":[{"embeddable":true,"href":"https:\/\/www.fhycs.unam.edu.ar\/portada\/wp-json\/wp\/v2\/users\/6"}],"replies":[{"embeddable":true,"href":"https:\/\/www.fhycs.unam.edu.ar\/portada\/wp-json\/wp\/v2\/comments?post=4512"}],"version-history":[{"count":64,"href":"https:\/\/www.fhycs.unam.edu.ar\/portada\/wp-json\/wp\/v2\/pages\/4512\/revisions"}],"predecessor-version":[{"id":40678,"href":"https:\/\/www.fhycs.unam.edu.ar\/portada\/wp-json\/wp\/v2\/pages\/4512\/revisions\/40678"}],"wp:attachment":[{"href":"https:\/\/www.fhycs.unam.edu.ar\/portada\/wp-json\/wp\/v2\/media?parent=4512"}],"curies":[{"name":"wp","href":"https:\/\/api.w.org\/{rel}","templated":true}]}}